{"id":8169,"date":"2019-08-02T17:16:56","date_gmt":"2019-08-02T15:16:56","guid":{"rendered":"https:\/\/www.erea86.fr\/version2\/?page_id=8169"},"modified":"2023-11-15T18:51:47","modified_gmt":"2023-11-15T17:51:47","slug":"vacances-scolaires","status":"publish","type":"page","link":"https:\/\/www.erea86.fr\/version2\/vacances-scolaires\/","title":{"rendered":"Vacances scolaires"},"content":{"rendered":"<h1 style=\"text-align: center;\">POITIERS EST EN ZONE A<\/h1>\n<div style=\"text-align: center;\"><a href=\"http:\/\/www.education.gouv.fr\/pid25058\/le-calendrier-scolaire.html\/\" target=\"_blank\" rel=\"noopener noreferrer\">Voir les vacances de toutes les zones<\/a><\/div>\n<div><\/div>\n<div style=\"text-align: center;\"><\/div>\n<div><\/div>\n<p style=\"text-align: center;\"><span style=\"font-size: 20px;\"><strong>2023 &#8211; 2024<\/strong><\/span><\/p>\n<table class=\"table-calendrier-data-1\" style=\"width: 94.5031%; height: 192px;\" border=\"1\" summary=\"Calendrier scolaire de la zone14\" align=\"center\">\n<tbody>\n<tr style=\"height: 24px;\">\n<td class=\"zone1\" style=\"height: 24px; width: 53.2685%; text-align: right;\">Rentr\u00e9e scolaire des enseignants (\u00e0 l&rsquo;EREA) :<\/td>\n<td class=\"zone1\" style=\"height: 24px; width: 99.0507%; text-align: center;\" colspan=\"2\"><span style=\"font-size: 16px;\">\u00a031 ao\u00fbt et 1er septembre<br \/>\n<\/span><\/td>\n<\/tr>\n<tr style=\"height: 24px;\">\n<td class=\"zone1\" style=\"height: 24px; width: 53.2685%; text-align: right;\">Rentr\u00e9e des 6\u00e8mes et 5\u00e8mes (internat ferm\u00e9) :<\/td>\n<td class=\"zone1\" style=\"height: 24px; width: 99.0507%; text-align: center;\" colspan=\"2\">lundi 4 septembre<\/td>\n<\/tr>\n<tr style=\"height: 24px;\">\n<td class=\"zone1\" style=\"height: 24px; width: 53.2685%; text-align: right;\">Rentr\u00e9e des 4\u00e8 aux C.A.P (internat ferm\u00e9) :<\/td>\n<td class=\"zone1\" style=\"height: 24px; width: 99.0507%; text-align: center;\" colspan=\"2\">mardi 5 septembre<\/td>\n<\/tr>\n<tr style=\"height: 24px;\">\n<td class=\"zone1\" style=\"height: 24px; width: 53.2685%; text-align: right;\">Vacances de la Toussaint :<\/td>\n<td class=\"zone1\" style=\"height: 24px; width: 19.7531%; text-align: center;\">samedi 21 octobre<\/td>\n<td class=\"zone1\" style=\"height: 24px; width: 79.2976%; text-align: center;\">lundi 6 novembre<\/td>\n<\/tr>\n<tr style=\"height: 24px;\">\n<td class=\"zone1\" style=\"height: 24px; width: 53.2685%; text-align: right;\">Vacances de No\u00ebl :<\/td>\n<td class=\"zone1\" style=\"height: 24px; width: 19.7531%; text-align: center;\">samedi 23 d\u00e9cembre<\/td>\n<td class=\"zone1\" style=\"height: 24px; width: 79.2976%; text-align: center;\">lundi 8 janvier<\/td>\n<\/tr>\n<tr style=\"height: 24px;\">\n<td class=\"zone1\" style=\"height: 24px; width: 53.2685%; text-align: right;\">Vacances d&rsquo;hiver :<\/td>\n<td class=\"zone1\" style=\"height: 24px; width: 19.7531%; text-align: center;\">samedi 24 f\u00e9vrier<\/td>\n<td class=\"zone1\" style=\"height: 24px; width: 79.2976%; text-align: center;\">lundi 11 mars<\/td>\n<\/tr>\n<tr style=\"height: 24px;\">\n<td class=\"zone1\" style=\"height: 24px; width: 53.2685%; text-align: right;\">Vacances de printemps :<\/td>\n<td class=\"zone1\" style=\"height: 24px; width: 19.7531%; text-align: center;\">samedi 20 avril<\/td>\n<td class=\"zone1\" style=\"height: 24px; width: 79.2976%; text-align: center;\">lundi 6 mai<\/td>\n<\/tr>\n<tr style=\"height: 24px;\">\n<td class=\"zone1\" style=\"height: 24px; width: 53.2685%; text-align: right;\">Vacances d&rsquo;\u00e9t\u00e9 :<\/td>\n<td class=\"zone1\" style=\"height: 24px; width: 99.0507%; text-align: center;\" colspan=\"2\">samedi 6 juillet &#8211; reprise le 4 septembre<\/td>\n<\/tr>\n<\/tbody>\n<\/table>\n<p style=\"text-align: center;\">Pas de classe le vendredi 10 mai 2024 (pont de l&rsquo;ascension)<\/p>\n<h3><span style=\"font-size: 12px;\">Informations compl\u00e9mentaires<\/span><\/h3>\n<ul>\n<li>Le d\u00e9part en vacances a lieu apr\u00e8s la classe, la reprise des cours le matin des jours indiqu\u00e9s. Les \u00e9l\u00e8ves qui n&rsquo;ont pas cours le samedi sont en cong\u00e9s le vendredi soir apr\u00e8s les cours.<strong>\u00a0<\/strong><\/li>\n<li><strong>Le lundi de Pentec\u00f4te<\/strong>\u00a0est un jour sans \u00e9cole dit \u00ab\u00a0de solidarit\u00e9\u00a0\u00bb.<\/li>\n<li><strong>Pour l&rsquo;ann\u00e9e 2023-2024<\/strong>, les classes vaqueront le\u00a0<strong>vendredi 10 mai 2024\u00a0et le samedi 11 mai 2024<\/strong>.<\/li>\n<li>D\u00e9but des vacances d&rsquo;\u00e9t\u00e9\u00a0: les enseignants appel\u00e9s \u00e0 participer aux op\u00e9rations li\u00e9es aux examens sont en service jusqu&rsquo;\u00e0 la date fix\u00e9e pour la cl\u00f4ture de ces examens par la note de service \u00e9tablissant le calendrier de la session.<\/li>\n<li>Pour les enseignants, deux demi-journ\u00e9es (ou un horaire \u00e9quivalent), prises en dehors des heures de cours, pourront \u00eatre d\u00e9gag\u00e9es, durant l&rsquo;ann\u00e9e scolaire, afin de permettre des temps de r\u00e9flexion et de formation sur des sujets propos\u00e9s par les autorit\u00e9s acad\u00e9miques.<\/li>\n<\/ul>\n<p>Les dates fix\u00e9es par le calendrier scolaire national peuvent, sous certaines conditions, \u00eatre modifi\u00e9es localement par le recteur. Ce calendrier n&rsquo;inclut pas les dates de fin de session des examens scolaires.<\/p>\n<p>&nbsp;<\/p>\n<p style=\"text-align: center;\"><span style=\"font-size: 24px;\"><strong><a href=\"https:\/\/www.education.gouv.fr\/media\/91418\/download\" target=\"_blank\" rel=\"noopener noreferrer\">T\u00e9l\u00e9chargez\u00a0<\/a>le calendrier scolaire en PDF<\/strong><strong><br \/>\n<\/strong><\/span><\/p>\n<p>&nbsp;<\/p>\n<p style=\"text-align: center;\"><span style=\"font-size: 28px;\"><strong>Les zones<\/strong><\/span><\/p>\n<p style=\"text-align: center;\"><a href=\"https:\/\/www.education.gouv.fr\/media\/74054\/download\"><img decoding=\"async\" src=\"https:\/\/www.erea86.fr\/version2\/wp-content\/uploads\/Telechargements\/Zones.jpg\" alt=\"\" \/><\/a><\/p>\n<p>&nbsp;<\/p>\n","protected":false},"excerpt":{"rendered":"<p>POITIERS EST EN ZONE A Voir les vacances de toutes les zones 2023 &#8211; 2024 Rentr\u00e9e scolaire des enseignants (\u00e0 l&rsquo;EREA) : \u00a031 ao\u00fbt et&hellip;&nbsp;<a href=\"https:\/\/www.erea86.fr\/version2\/vacances-scolaires\/\" class=\"more-link\">Lire la suite<\/a><\/p>\n","protected":false},"author":15,"featured_media":0,"parent":0,"menu_order":0,"comment_status":"closed","ping_status":"closed","template":"","meta":{"_bbp_topic_count":0,"_bbp_reply_count":0,"_bbp_total_topic_count":0,"_bbp_total_reply_count":0,"_bbp_voice_count":0,"_bbp_anonymous_reply_count":0,"_bbp_topic_count_hidden":0,"_bbp_reply_count_hidden":0,"_bbp_forum_subforum_count":0,"footnotes":""},"class_list":["post-8169","page","type-page","status-publish","hentry"],"_links":{"self":[{"href":"https:\/\/www.erea86.fr\/version2\/wp-json\/wp\/v2\/pages\/8169","targetHints":{"allow":["GET"]}}],"collection":[{"href":"https:\/\/www.erea86.fr\/version2\/wp-json\/wp\/v2\/pages"}],"about":[{"href":"https:\/\/www.erea86.fr\/version2\/wp-json\/wp\/v2\/types\/page"}],"author":[{"embeddable":true,"href":"https:\/\/www.erea86.fr\/version2\/wp-json\/wp\/v2\/users\/15"}],"replies":[{"embeddable":true,"href":"https:\/\/www.erea86.fr\/version2\/wp-json\/wp\/v2\/comments?post=8169"}],"version-history":[{"count":11,"href":"https:\/\/www.erea86.fr\/version2\/wp-json\/wp\/v2\/pages\/8169\/revisions"}],"predecessor-version":[{"id":20872,"href":"https:\/\/www.erea86.fr\/version2\/wp-json\/wp\/v2\/pages\/8169\/revisions\/20872"}],"wp:attachment":[{"href":"https:\/\/www.erea86.fr\/version2\/wp-json\/wp\/v2\/media?parent=8169"}],"curies":[{"name":"wp","href":"https:\/\/api.w.org\/{rel}","templated":true}]}}